{"id":307,"date":"2025-11-06T18:49:49","date_gmt":"2025-11-06T18:49:49","guid":{"rendered":"https:\/\/kaizaweb.com.ar\/?post_type=product&#038;p=307"},"modified":"2026-01-31T15:48:00","modified_gmt":"2026-01-31T15:48:00","slug":"pack-x6-cordon-de-fuego-malbec-gran-reserva","status":"publish","type":"product","link":"https:\/\/cuatroalmaswines.com\/en\/producto\/pack-x6-cordon-de-fuego-malbec-gran-reserva\/","title":{"rendered":"Pack x6 Cord\u00f3n de Fuego Malbec Gran Reserva"},"content":{"rendered":"<p><span class=\"ng-star-inserted\">\u00bfPensabas que conoc\u00edas el Malbec? <\/span><span class=\"ng-star-inserted\">\ud83e\udd14<\/span><span class=\"ng-star-inserted\"> Prep\u00e1rate para redescubrirlo con nuestro Pack x6 Cord\u00f3n de Fuego Malbec Gran Reserva 2019. Una\u00a0<\/span><span class=\"ng-star-inserted\"><strong class=\"ng-star-inserted\">expresi\u00f3n sorprendente y elegante<\/strong><\/span><span class=\"ng-star-inserted\">\u00a0de esta cepa cultivada en nuestro\u00a0<\/span><span class=\"ng-star-inserted\"><strong class=\"ng-star-inserted\">terroir \u00fanico de Almahue, en el Valle de Cachapoal.<\/strong><\/span><span class=\"ng-star-inserted\">\u00a0Criado por\u00a0<\/span><span class=\"ng-star-inserted\"><strong class=\"ng-star-inserted\">12 meses en barrica francesa<\/strong><\/span><span class=\"ng-star-inserted\">, este vino revela una\u00a0<\/span><span class=\"ng-star-inserted\"><strong class=\"ng-star-inserted\">jugosidad, intensidad frutal y notas florales<\/strong><\/span><span class=\"ng-star-inserted\">\u00a0que lo hacen irresistible y diferente. \u00a1Un verdadero tesoro escondido!<\/span><\/p>\n<p class=\"ng-star-inserted\"><span class=\"ng-star-inserted\">Este no es un Malbec cualquiera. Nuestro Gran Reserva de Almahue ofrece una nariz cautivadora con <\/span><span class=\"ng-star-inserted\"><strong class=\"ng-star-inserted\">fruta azul y negra intensa (ar\u00e1ndanos, moras)<\/strong><\/span><span class=\"ng-star-inserted\">\u00a0y un distintivo\u00a0<\/span><span class=\"ng-star-inserted\"><strong class=\"ng-star-inserted\">toque floral a violetas<\/strong><\/span><span class=\"ng-star-inserted\">, complementado por notas especiadas de la barrica (quiz\u00e1s pimienta o cacao). En boca es\u00a0<\/span><span class=\"ng-star-inserted\"><strong class=\"ng-star-inserted\">amplio, jugoso y de textura sedosa<\/strong><\/span><span class=\"ng-star-inserted\">, with tannins\u00a0<\/span><span class=\"ng-star-inserted\"><strong class=\"ng-star-inserted\">redondos y maduros<\/strong><\/span><span class=\"ng-star-inserted\">\u00a0que lo hacen muy placentero. Tiene la estructura de un Gran Reserva, pero con una\u00a0<\/span><span class=\"ng-star-inserted\"><strong class=\"ng-star-inserted\">frescura y vivacidad<\/strong><\/span><span class=\"ng-star-inserted\">\u00a0que sorprenden. \u00a1Pura fruta andina con elegancia!<\/span><\/p>\n<p class=\"ng-star-inserted\"><span class=\"ng-star-inserted\"><strong class=\"ng-star-inserted\">El Cord\u00f3n de Fuego Malbec GR es incre\u00edblemente vers\u00e1til y delicioso con:<\/strong><\/span><\/p>\n<ul class=\"ng-star-inserted\">\n<li class=\"ng-star-inserted\">\n<p class=\"ng-star-inserted\"><span class=\"ng-star-inserted\"><strong class=\"ng-star-inserted\">Carnes Rojas Magras a la Parrilla:<\/strong><\/span><span class=\"ng-star-inserted\">\u00a0\u00a1Entra\u00f1a, lomo liso, filete! <\/span><span class=\"ng-star-inserted\">\ud83d\udd25<\/span><\/p>\n<\/li>\n<li class=\"ng-star-inserted\">\n<p class=\"ng-star-inserted\"><span class=\"ng-star-inserted\"><strong class=\"ng-star-inserted\">Cerdo en Preparaciones Sabrosas:<\/strong><\/span><span class=\"ng-star-inserted\">\u00a0Costillar al horno, plateada, \u00a1incluso una mechada! <\/span><span class=\"ng-star-inserted\">\ud83d\udc16<\/span><\/p>\n<\/li>\n<li class=\"ng-star-inserted\">\n<p class=\"ng-star-inserted\"><span class=\"ng-star-inserted\"><strong class=\"ng-star-inserted\">Pastas con Hongos o Salsas de Carne:<\/strong><\/span><span class=\"ng-star-inserted\">\u00a0Su jugosidad complementa perfecto. <\/span><span class=\"ng-star-inserted\">\ud83c\udf44\ud83c\udf5d<\/span><\/p>\n<\/li>\n<li class=\"ng-star-inserted\">\n<p class=\"ng-star-inserted\"><span class=\"ng-star-inserted\"><strong class=\"ng-star-inserted\">Empanadas de Pino (\u00a1Claro!):<\/strong><\/span><span class=\"ng-star-inserted\">\u00a0Un cl\u00e1sico chileno elevado. <\/span><span class=\"ng-star-inserted\">\ud83e\udd5f<\/span><\/p>\n<\/li>\n<li class=\"ng-star-inserted\">\n<p class=\"ng-star-inserted\"><span class=\"ng-star-inserted\"><strong class=\"ng-star-inserted\">Tablas de Quesos Semi-Curados y Fiambres:<\/strong><\/span><span class=\"ng-star-inserted\">\u00a0Para una junta entretenida.<\/span><\/p>\n<\/li>\n<\/ul>\n<p class=\"ng-star-inserted\"><span class=\"ng-star-inserted\">Parte de nuestra l\u00ednea\u00a0<\/span><span class=\"ng-star-inserted\"><strong class=\"ng-star-inserted\">Antonia<\/strong><\/span><span class=\"ng-star-inserted\">, inspirada en la\u00a0<\/span><span class=\"ng-star-inserted\"><strong class=\"ng-star-inserted\">fuerza elegante de los Andes<\/strong><\/span><span class=\"ng-star-inserted\">, este Malbec muestra la\u00a0<\/span><span class=\"ng-star-inserted\"><strong class=\"ng-star-inserted\">diversidad y el potencial<\/strong><\/span><span class=\"ng-star-inserted\">\u00a0de nuestro terroir. La etiqueta Cord\u00f3n de Fuego refleja esa energ\u00eda contenida. En 4 Almas, nos encanta explorar y\u00a0<\/span><span class=\"ng-star-inserted\"><strong class=\"ng-star-inserted\">embotellar historias \u00fanicas<\/strong><\/span><span class=\"ng-star-inserted\">, como la de este Malbec andino. Es nuestro compromiso con la\u00a0<\/span><span class=\"ng-star-inserted\"><strong class=\"ng-star-inserted\">calidad, el legado familiar<\/strong><\/span><span class=\"ng-star-inserted\">\u00a0y la creaci\u00f3n de vinos que emocionan y sorprenden.<\/span><\/p>\n<p class=\"ng-star-inserted\"><span class=\"ng-star-inserted\"><strong class=\"ng-star-inserted\">Descubre la expresi\u00f3n \u00fanica del Malbec de altura. \u00a1Asegura tu caja x6 de este tesoro escondido!<\/strong><\/span><\/p>","protected":false},"excerpt":{"rendered":"<p class=\"ng-star-inserted\"><span class=\"ng-star-inserted\">\u00a1Redescubre el Malbec! Pack x6 Cord\u00f3n de Fuego Malbec GR 2019 (Maipo Andes). Jugoso, floral, fruta azul (12m barrica).\u00a0<\/span><strong class=\"ng-star-inserted\"><span class=\"ng-star-inserted\">Incre\u00edble con carnes a la parrilla o pastas.<\/span><\/strong><span class=\"ng-star-inserted\">\u00a0\u00a1Sorpr\u00e9ndete!<\/span><\/p>","protected":false},"featured_media":337,"comment_status":"open","ping_status":"closed","template":"","meta":[],"product_brand":[59,62],"product_cat":[23,24],"product_tag":[33,26,37,27,28,29],"class_list":{"0":"post-307","1":"product","2":"type-product","3":"status-publish","4":"has-post-thumbnail","6":"product_brand-cordon-de-fuego","7":"product_brand-packs","8":"product_cat-cordon-de-fuego","9":"product_cat-red-wines","10":"product_tag-chilean-wine","11":"product_tag-cuatro-almas","12":"product_tag-malbec","13":"product_tag-red-wine","14":"product_tag-vino-chileno","15":"product_tag-vino-tinto","17":"first","18":"instock","19":"purchasable","20":"product-type-simple"},"_links":{"self":[{"href":"https:\/\/cuatroalmaswines.com\/en\/wp-json\/wp\/v2\/product\/307","targetHints":{"allow":["GET"]}}],"collection":[{"href":"https:\/\/cuatroalmaswines.com\/en\/wp-json\/wp\/v2\/product"}],"about":[{"href":"https:\/\/cuatroalmaswines.com\/en\/wp-json\/wp\/v2\/types\/product"}],"replies":[{"embeddable":true,"href":"https:\/\/cuatroalmaswines.com\/en\/wp-json\/wp\/v2\/comments?post=307"}],"wp:featuredmedia":[{"embeddable":true,"href":"https:\/\/cuatroalmaswines.com\/en\/wp-json\/wp\/v2\/media\/337"}],"wp:attachment":[{"href":"https:\/\/cuatroalmaswines.com\/en\/wp-json\/wp\/v2\/media?parent=307"}],"wp:term":[{"taxonomy":"product_brand","embeddable":true,"href":"https:\/\/cuatroalmaswines.com\/en\/wp-json\/wp\/v2\/product_brand?post=307"},{"taxonomy":"product_cat","embeddable":true,"href":"https:\/\/cuatroalmaswines.com\/en\/wp-json\/wp\/v2\/product_cat?post=307"},{"taxonomy":"product_tag","embeddable":true,"href":"https:\/\/cuatroalmaswines.com\/en\/wp-json\/wp\/v2\/product_tag?post=307"}],"curies":[{"name":"wp","href":"https:\/\/api.w.org\/{rel}","templated":true}]}}